{"version":"1.0","provider_name":"Centro Urbano","provider_url":"https:\/\/centrourbano.com\/revista","author_name":"Edgar Rosas","author_url":"https:\/\/centrourbano.com\/revista\/author\/edgar-rosas\/","title":"Desarrollar\u00e1n 90 casas antis\u00edsmicas en la CDMX -","type":"rich","width":600,"height":338,"html":"<blockquote class=\"wp-embedded-content\" data-secret=\"tdlNrbokhS\"><a href=\"https:\/\/centrourbano.com\/revista\/vivienda\/desarrollaran-90-casas-antisismicas-la-cdmx\/\">Desarrollar\u00e1n 90 casas antis\u00edsmicas en la CDMX<\/a><\/blockquote><iframe sandbox=\"allow-scripts\" security=\"restricted\" src=\"https:\/\/centrourbano.com\/revista\/vivienda\/desarrollaran-90-casas-antisismicas-la-cdmx\/embed\/#?secret=tdlNrbokhS\" width=\"600\" height=\"338\" title=\"\u00abDesarrollar\u00e1n 90 casas antis\u00edsmicas en la CDMX\u00bb \u2014 Centro Urbano\" data-secret=\"tdlNrbokhS\" frameborder=\"0\" marginwidth=\"0\" marginheight=\"0\" scrolling=\"no\" class=\"wp-embedded-content\"><\/iframe><script type=\"text\/javascript\">\n\/* <![CDATA[ *\/\n\/*! This file is auto-generated *\/\n!function(d,l){\"use strict\";l.querySelector&&d.addEventListener&&\"undefined\"!=typeof URL&&(d.wp=d.wp||{},d.wp.receiveEmbedMessage||(d.wp.receiveEmbedMessage=function(e){var t=e.data;if((t||t.secret||t.message||t.value)&&!\/[^a-zA-Z0-9]\/.test(t.secret)){for(var s,r,n,a=l.querySelectorAll('iframe[data-secret=\"'+t.secret+'\"]'),o=l.querySelectorAll('blockquote[data-secret=\"'+t.secret+'\"]'),c=new RegExp(\"^https?:$\",\"i\"),i=0;i<o.length;i++)o[i].style.display=\"none\";for(i=0;i<a.length;i++)s=a[i],e.source===s.contentWindow&&(s.removeAttribute(\"style\"),\"height\"===t.message?(1e3<(r=parseInt(t.value,10))?r=1e3:~~r<200&&(r=200),s.height=r):\"link\"===t.message&&(r=new URL(s.getAttribute(\"src\")),n=new URL(t.value),c.test(n.protocol))&&n.host===r.host&&l.activeElement===s&&(d.top.location.href=t.value))}},d.addEventListener(\"message\",d.wp.receiveEmbedMessage,!1),l.addEventListener(\"DOMContentLoaded\",function(){for(var e,t,s=l.querySelectorAll(\"iframe.wp-embedded-content\"),r=0;r<s.length;r++)(t=(e=s[r]).getAttribute(\"data-secret\"))||(t=Math.random().toString(36).substring(2,12),e.src+=\"#?secret=\"+t,e.setAttribute(\"data-secret\",t)),e.contentWindow.postMessage({message:\"ready\",secret:t},\"*\")},!1)))}(window,document);\n\/* ]]> *\/\n<\/script>\n","thumbnail_url":"https:\/\/centrourbano.com\/revista\/wp-content\/uploads\/Casas-antis\u00edsmica_Mancera.jpeg","thumbnail_width":800,"thumbnail_height":533,"description":"El jefe de Gobierno de la Ciudad de M\u00e9xico, Miguel \u00c1ngel Mancera, entreg\u00f3 la primera casa antis\u00edsmica en la capital del pa\u00eds. En total, detall\u00f3 el mandatario, se desarrollar\u00e1n 90 viviendas con financiamiento de orden p\u00fablico y privado."}