{"version":"1.0","provider_name":"Centro Urbano","provider_url":"https:\/\/centrourbano.com\/revista","author_name":"Mario V\u00e1zquez Barrios","author_url":"https:\/\/centrourbano.com\/revista\/author\/mario-vazquez\/","title":"CTM aprueba actual Pol\u00edtica Federal de Vivienda","type":"rich","width":600,"height":338,"html":"<blockquote class=\"wp-embedded-content\" data-secret=\"cdV0bT49Km\"><a href=\"https:\/\/centrourbano.com\/revista\/vivienda\/ctm-aprueba-politica-federal-vivienda\/\">CTM aprueba actual Pol\u00edtica Federal de Vivienda<\/a><\/blockquote><iframe sandbox=\"allow-scripts\" security=\"restricted\" src=\"https:\/\/centrourbano.com\/revista\/vivienda\/ctm-aprueba-politica-federal-vivienda\/embed\/#?secret=cdV0bT49Km\" width=\"600\" height=\"338\" title=\"\u00abCTM aprueba actual Pol\u00edtica Federal de Vivienda\u00bb \u2014 Centro Urbano\" data-secret=\"cdV0bT49Km\" frameborder=\"0\" marginwidth=\"0\" marginheight=\"0\" scrolling=\"no\" class=\"wp-embedded-content\"><\/iframe><script type=\"text\/javascript\">\n\/* <![CDATA[ *\/\n\/*! This file is auto-generated *\/\n!function(d,l){\"use strict\";l.querySelector&&d.addEventListener&&\"undefined\"!=typeof URL&&(d.wp=d.wp||{},d.wp.receiveEmbedMessage||(d.wp.receiveEmbedMessage=function(e){var t=e.data;if((t||t.secret||t.message||t.value)&&!\/[^a-zA-Z0-9]\/.test(t.secret)){for(var s,r,n,a=l.querySelectorAll('iframe[data-secret=\"'+t.secret+'\"]'),o=l.querySelectorAll('blockquote[data-secret=\"'+t.secret+'\"]'),c=new RegExp(\"^https?:$\",\"i\"),i=0;i<o.length;i++)o[i].style.display=\"none\";for(i=0;i<a.length;i++)s=a[i],e.source===s.contentWindow&&(s.removeAttribute(\"style\"),\"height\"===t.message?(1e3<(r=parseInt(t.value,10))?r=1e3:~~r<200&&(r=200),s.height=r):\"link\"===t.message&&(r=new URL(s.getAttribute(\"src\")),n=new URL(t.value),c.test(n.protocol))&&n.host===r.host&&l.activeElement===s&&(d.top.location.href=t.value))}},d.addEventListener(\"message\",d.wp.receiveEmbedMessage,!1),l.addEventListener(\"DOMContentLoaded\",function(){for(var e,t,s=l.querySelectorAll(\"iframe.wp-embedded-content\"),r=0;r<s.length;r++)(t=(e=s[r]).getAttribute(\"data-secret\"))||(t=Math.random().toString(36).substring(2,12),e.src+=\"#?secret=\"+t,e.setAttribute(\"data-secret\",t)),e.contentWindow.postMessage({message:\"ready\",secret:t},\"*\")},!1)))}(window,document);\n\/* ]]> *\/\n<\/script>\n","thumbnail_url":"https:\/\/centrourbano.com\/revista\/wp-content\/uploads\/ok-1-2.jpg","thumbnail_width":2269,"thumbnail_height":1446,"description":"Al presidir los trabajos del Cuarto Congreso Estatal Ordinario de la Federaci\u00f3n de Trabajadores del Estado de Hidalgo, afirm\u00f3 que se trata de estrategias novedosas y modernas. Acompa\u00f1ado por el director general del Instituto del Fondo Nacional de la Vivienda para los Trabajadores (Infonavit), David Penchyna Grub, Aceves del Olmo admiti\u00f3 sin embargo que no es sencillo hablar de esta instituci\u00f3n cuando mucha gente carece de vivienda."}