{"version":"1.0","provider_name":"Centro Urbano","provider_url":"https:\/\/centrourbano.com\/revista","author_name":"Mario V\u00e1zquez Barrios","author_url":"https:\/\/centrourbano.com\/revista\/author\/mario-vazquez\/","title":"Sedatu inaugura Reuni\u00f3n de Red de secretarios de Desarrollo Urbano","type":"rich","width":600,"height":338,"html":"<blockquote class=\"wp-embedded-content\" data-secret=\"9eKRykoyLT\"><a href=\"https:\/\/centrourbano.com\/revista\/urbanismo\/rr-inaugura-reunion-red-secretarios-desarrollo-urbano\/\">Sedatu inaugura reuni\u00f3n de secretarios de Desarrollo Urbano<\/a><\/blockquote><iframe sandbox=\"allow-scripts\" security=\"restricted\" src=\"https:\/\/centrourbano.com\/revista\/urbanismo\/rr-inaugura-reunion-red-secretarios-desarrollo-urbano\/embed\/#?secret=9eKRykoyLT\" width=\"600\" height=\"338\" title=\"\u00abSedatu inaugura reuni\u00f3n de secretarios de Desarrollo Urbano\u00bb \u2014 Centro Urbano\" data-secret=\"9eKRykoyLT\" frameborder=\"0\" marginwidth=\"0\" marginheight=\"0\" scrolling=\"no\" class=\"wp-embedded-content\"><\/iframe><script type=\"text\/javascript\">\n\/* <![CDATA[ *\/\n\/*! This file is auto-generated *\/\n!function(d,l){\"use strict\";l.querySelector&&d.addEventListener&&\"undefined\"!=typeof URL&&(d.wp=d.wp||{},d.wp.receiveEmbedMessage||(d.wp.receiveEmbedMessage=function(e){var t=e.data;if((t||t.secret||t.message||t.value)&&!\/[^a-zA-Z0-9]\/.test(t.secret)){for(var s,r,n,a=l.querySelectorAll('iframe[data-secret=\"'+t.secret+'\"]'),o=l.querySelectorAll('blockquote[data-secret=\"'+t.secret+'\"]'),c=new RegExp(\"^https?:$\",\"i\"),i=0;i<o.length;i++)o[i].style.display=\"none\";for(i=0;i<a.length;i++)s=a[i],e.source===s.contentWindow&&(s.removeAttribute(\"style\"),\"height\"===t.message?(1e3<(r=parseInt(t.value,10))?r=1e3:~~r<200&&(r=200),s.height=r):\"link\"===t.message&&(r=new URL(s.getAttribute(\"src\")),n=new URL(t.value),c.test(n.protocol))&&n.host===r.host&&l.activeElement===s&&(d.top.location.href=t.value))}},d.addEventListener(\"message\",d.wp.receiveEmbedMessage,!1),l.addEventListener(\"DOMContentLoaded\",function(){for(var e,t,s=l.querySelectorAll(\"iframe.wp-embedded-content\"),r=0;r<s.length;r++)(t=(e=s[r]).getAttribute(\"data-secret\"))||(t=Math.random().toString(36).substring(2,12),e.src+=\"#?secret=\"+t,e.setAttribute(\"data-secret\",t)),e.contentWindow.postMessage({message:\"ready\",secret:t},\"*\")},!1)))}(window,document);\n\/* ]]> *\/\n<\/script>\n","thumbnail_url":"https:\/\/centrourbano.com\/revista\/wp-content\/uploads\/WhatsApp-Image-20160705-3.jpeg","thumbnail_width":1280,"thumbnail_height":960,"description":"Ante los 32 secretarios de Desarrollo Urbano del pa\u00eds, la Titular de la Sedatu afirm\u00f3 que la otra iniciativa enviada por el presidente Enrique Pe\u00f1a Nieto al Congreso de la Uni\u00f3n se da en el marco de su propuesta de Justicia Cotidiana que tiene que ver mucho con lo que aqu\u00ed hemos trabajado y es esta Ley para Homologar y Armonizar los Registros P\u00fablicos y los Catastros."}