{"version":"1.0","provider_name":"Centro Urbano","provider_url":"https:\/\/centrourbano.com\/revista","author_name":"Hanae Pacheco","author_url":"https:\/\/centrourbano.com\/revista\/author\/hanae-pacheco\/","title":"Buscan recuperar centro de Tuxtla Guti\u00e9rrez -","type":"rich","width":600,"height":338,"html":"<blockquote class=\"wp-embedded-content\" data-secret=\"rMNDRnyNMZ\"><a href=\"https:\/\/centrourbano.com\/revista\/urbanismo\/recuperan-centro-tuxtla-gutierrez\/\">Buscan recuperar centro de Tuxtla Guti\u00e9rrez<\/a><\/blockquote><iframe sandbox=\"allow-scripts\" security=\"restricted\" src=\"https:\/\/centrourbano.com\/revista\/urbanismo\/recuperan-centro-tuxtla-gutierrez\/embed\/#?secret=rMNDRnyNMZ\" width=\"600\" height=\"338\" title=\"\u00abBuscan recuperar centro de Tuxtla Guti\u00e9rrez\u00bb \u2014 Centro Urbano\" data-secret=\"rMNDRnyNMZ\" frameborder=\"0\" marginwidth=\"0\" marginheight=\"0\" scrolling=\"no\" class=\"wp-embedded-content\"><\/iframe><script type=\"text\/javascript\">\n\/* <![CDATA[ *\/\n\/*! This file is auto-generated *\/\n!function(d,l){\"use strict\";l.querySelector&&d.addEventListener&&\"undefined\"!=typeof URL&&(d.wp=d.wp||{},d.wp.receiveEmbedMessage||(d.wp.receiveEmbedMessage=function(e){var t=e.data;if((t||t.secret||t.message||t.value)&&!\/[^a-zA-Z0-9]\/.test(t.secret)){for(var s,r,n,a=l.querySelectorAll('iframe[data-secret=\"'+t.secret+'\"]'),o=l.querySelectorAll('blockquote[data-secret=\"'+t.secret+'\"]'),c=new RegExp(\"^https?:$\",\"i\"),i=0;i<o.length;i++)o[i].style.display=\"none\";for(i=0;i<a.length;i++)s=a[i],e.source===s.contentWindow&&(s.removeAttribute(\"style\"),\"height\"===t.message?(1e3<(r=parseInt(t.value,10))?r=1e3:~~r<200&&(r=200),s.height=r):\"link\"===t.message&&(r=new URL(s.getAttribute(\"src\")),n=new URL(t.value),c.test(n.protocol))&&n.host===r.host&&l.activeElement===s&&(d.top.location.href=t.value))}},d.addEventListener(\"message\",d.wp.receiveEmbedMessage,!1),l.addEventListener(\"DOMContentLoaded\",function(){for(var e,t,s=l.querySelectorAll(\"iframe.wp-embedded-content\"),r=0;r<s.length;r++)(t=(e=s[r]).getAttribute(\"data-secret\"))||(t=Math.random().toString(36).substring(2,12),e.src+=\"#?secret=\"+t,e.setAttribute(\"data-secret\",t)),e.contentWindow.postMessage({message:\"ready\",secret:t},\"*\")},!1)))}(window,document);\n\/* ]]> *\/\n<\/script>\n","thumbnail_url":"https:\/\/centrourbano.com\/revista\/wp-content\/uploads\/tr\u00e1nsito-restablecido-en-tuxtla.jpg","thumbnail_width":2000,"thumbnail_height":1333,"description":"El viernes 16 de septiembre se retir\u00f3 del centro de Tuxtla Guti\u00e9rrez, Chiapas, la manifestaci\u00f3n de la Coordinadora Nacional de Trabajadores de la Educaci\u00f3n, quienes permanecieron m\u00e1s de cuatro meses en el lugar; el tr\u00e1nsito vehicular y peatonal ya han sido restablecidos."}