{"version":"1.0","provider_name":"Centro Urbano","provider_url":"https:\/\/centrourbano.com\/revista","author_name":"Priscila D\u00edaz","author_url":"https:\/\/centrourbano.com\/revista\/author\/priscila-diaz\/","title":"Presentan minibuses el\u00e9ctricos sin conductor en Par\u00eds -","type":"rich","width":600,"height":338,"html":"<blockquote class=\"wp-embedded-content\" data-secret=\"NGKusgHcZZ\"><a href=\"https:\/\/centrourbano.com\/revista\/urbanismo\/presentan-minibuses-electricos-sin-conductor-paris\/\">Presentan minibuses el\u00e9ctricos sin conductor en Par\u00eds<\/a><\/blockquote><iframe sandbox=\"allow-scripts\" security=\"restricted\" src=\"https:\/\/centrourbano.com\/revista\/urbanismo\/presentan-minibuses-electricos-sin-conductor-paris\/embed\/#?secret=NGKusgHcZZ\" width=\"600\" height=\"338\" title=\"\u00abPresentan minibuses el\u00e9ctricos sin conductor en Par\u00eds\u00bb \u2014 Centro Urbano\" data-secret=\"NGKusgHcZZ\" frameborder=\"0\" marginwidth=\"0\" marginheight=\"0\" scrolling=\"no\" class=\"wp-embedded-content\"><\/iframe><script type=\"text\/javascript\">\n\/* <![CDATA[ *\/\n\/*! This file is auto-generated *\/\n!function(d,l){\"use strict\";l.querySelector&&d.addEventListener&&\"undefined\"!=typeof URL&&(d.wp=d.wp||{},d.wp.receiveEmbedMessage||(d.wp.receiveEmbedMessage=function(e){var t=e.data;if((t||t.secret||t.message||t.value)&&!\/[^a-zA-Z0-9]\/.test(t.secret)){for(var s,r,n,a=l.querySelectorAll('iframe[data-secret=\"'+t.secret+'\"]'),o=l.querySelectorAll('blockquote[data-secret=\"'+t.secret+'\"]'),c=new RegExp(\"^https?:$\",\"i\"),i=0;i<o.length;i++)o[i].style.display=\"none\";for(i=0;i<a.length;i++)s=a[i],e.source===s.contentWindow&&(s.removeAttribute(\"style\"),\"height\"===t.message?(1e3<(r=parseInt(t.value,10))?r=1e3:~~r<200&&(r=200),s.height=r):\"link\"===t.message&&(r=new URL(s.getAttribute(\"src\")),n=new URL(t.value),c.test(n.protocol))&&n.host===r.host&&l.activeElement===s&&(d.top.location.href=t.value))}},d.addEventListener(\"message\",d.wp.receiveEmbedMessage,!1),l.addEventListener(\"DOMContentLoaded\",function(){for(var e,t,s=l.querySelectorAll(\"iframe.wp-embedded-content\"),r=0;r<s.length;r++)(t=(e=s[r]).getAttribute(\"data-secret\"))||(t=Math.random().toString(36).substring(2,12),e.src+=\"#?secret=\"+t,e.setAttribute(\"data-secret\",t)),e.contentWindow.postMessage({message:\"ready\",secret:t},\"*\")},!1)))}(window,document);\n\/* ]]> *\/\n<\/script>\n","thumbnail_url":"https:\/\/centrourbano.com\/revista\/wp-content\/uploads\/descarga.jpeg","thumbnail_width":850,"thumbnail_height":478,"description":"Con el objetivo de preparase para modernizaci\u00f3n del transporte p\u00fablico, Par\u00eds puso en circulaci\u00f3n este lunes una serie de minibuses el\u00e9ctricos fabricados por la compa\u00f1\u00eda Easymile, entre dos de sus estaciones de tren, los cuales no cuentan con conductor y un agente policial viaja a bordo."}