{"version":"1.0","provider_name":"Centro Urbano","provider_url":"https:\/\/centrourbano.com\/revista","author_name":"Hanae Pacheco","author_url":"https:\/\/centrourbano.com\/revista\/author\/hanae-pacheco\/","title":"Invierten en rescate de espacios p\u00fablicos en Valle de Bravo -","type":"rich","width":600,"height":338,"html":"<blockquote class=\"wp-embedded-content\" data-secret=\"uiKXdfYhX2\"><a href=\"https:\/\/centrourbano.com\/revista\/urbanismo\/invierten-rescate-espacios-publicos-valle-bravo\/\">Invierten en rescate de espacios p\u00fablicos en Valle de Bravo<\/a><\/blockquote><iframe sandbox=\"allow-scripts\" security=\"restricted\" src=\"https:\/\/centrourbano.com\/revista\/urbanismo\/invierten-rescate-espacios-publicos-valle-bravo\/embed\/#?secret=uiKXdfYhX2\" width=\"600\" height=\"338\" title=\"\u00abInvierten en rescate de espacios p\u00fablicos en Valle de Bravo\u00bb \u2014 Centro Urbano\" data-secret=\"uiKXdfYhX2\" frameborder=\"0\" marginwidth=\"0\" marginheight=\"0\" scrolling=\"no\" class=\"wp-embedded-content\"><\/iframe><script type=\"text\/javascript\">\n\/* <![CDATA[ *\/\n\/*! This file is auto-generated *\/\n!function(d,l){\"use strict\";l.querySelector&&d.addEventListener&&\"undefined\"!=typeof URL&&(d.wp=d.wp||{},d.wp.receiveEmbedMessage||(d.wp.receiveEmbedMessage=function(e){var t=e.data;if((t||t.secret||t.message||t.value)&&!\/[^a-zA-Z0-9]\/.test(t.secret)){for(var s,r,n,a=l.querySelectorAll('iframe[data-secret=\"'+t.secret+'\"]'),o=l.querySelectorAll('blockquote[data-secret=\"'+t.secret+'\"]'),c=new RegExp(\"^https?:$\",\"i\"),i=0;i<o.length;i++)o[i].style.display=\"none\";for(i=0;i<a.length;i++)s=a[i],e.source===s.contentWindow&&(s.removeAttribute(\"style\"),\"height\"===t.message?(1e3<(r=parseInt(t.value,10))?r=1e3:~~r<200&&(r=200),s.height=r):\"link\"===t.message&&(r=new URL(s.getAttribute(\"src\")),n=new URL(t.value),c.test(n.protocol))&&n.host===r.host&&l.activeElement===s&&(d.top.location.href=t.value))}},d.addEventListener(\"message\",d.wp.receiveEmbedMessage,!1),l.addEventListener(\"DOMContentLoaded\",function(){for(var e,t,s=l.querySelectorAll(\"iframe.wp-embedded-content\"),r=0;r<s.length;r++)(t=(e=s[r]).getAttribute(\"data-secret\"))||(t=Math.random().toString(36).substring(2,12),e.src+=\"#?secret=\"+t,e.setAttribute(\"data-secret\",t)),e.contentWindow.postMessage({message:\"ready\",secret:t},\"*\")},!1)))}(window,document);\n\/* ]]> *\/\n<\/script>\n","thumbnail_url":"https:\/\/centrourbano.com\/revista\/wp-content\/uploads\/Invierten-en-rescate-de-espacios-p\u00fablicos-en-Valle-de-Bravo.jpg","thumbnail_width":1024,"thumbnail_height":696,"description":"Rosario Robles, titular de la Secretar\u00eda de Desarrollo Agrario, Territorial y Urbano (Sedatu), inaugur\u00f3 junto a Eruviel \u00c1vila Villegas, gobernador del Estado de M\u00e9xico, la Feria Integral de Servicios en Valle de Bravo, en donde inform\u00f3 que se invertir\u00e1n 3,000,000 de pesos para implementar los programas de Rescate de Espacios P\u00fablicos y de Prevenci\u00f3n de Riesgos en Valle de Bravo."}