{"version":"1.0","provider_name":"Centro Urbano","provider_url":"https:\/\/centrourbano.com\/revista","author_name":"Columnista invitado","author_url":"https:\/\/centrourbano.com\/revista\/author\/columnista-invitado\/","title":"Conjunto de vivienda social Fuentes Brotantes -","type":"rich","width":600,"height":338,"html":"<blockquote class=\"wp-embedded-content\" data-secret=\"ztuKRYpY9G\"><a href=\"https:\/\/centrourbano.com\/revista\/opinion\/conjunto-de-vivienda-social-fuentes-brotantes\/\">Conjunto de vivienda social Fuentes Brotantes<\/a><\/blockquote><iframe sandbox=\"allow-scripts\" security=\"restricted\" src=\"https:\/\/centrourbano.com\/revista\/opinion\/conjunto-de-vivienda-social-fuentes-brotantes\/embed\/#?secret=ztuKRYpY9G\" width=\"600\" height=\"338\" title=\"\u00abConjunto de vivienda social Fuentes Brotantes\u00bb \u2014 Centro Urbano\" data-secret=\"ztuKRYpY9G\" frameborder=\"0\" marginwidth=\"0\" marginheight=\"0\" scrolling=\"no\" class=\"wp-embedded-content\"><\/iframe><script type=\"text\/javascript\">\n\/* <![CDATA[ *\/\n\/*! This file is auto-generated *\/\n!function(d,l){\"use strict\";l.querySelector&&d.addEventListener&&\"undefined\"!=typeof URL&&(d.wp=d.wp||{},d.wp.receiveEmbedMessage||(d.wp.receiveEmbedMessage=function(e){var t=e.data;if((t||t.secret||t.message||t.value)&&!\/[^a-zA-Z0-9]\/.test(t.secret)){for(var s,r,n,a=l.querySelectorAll('iframe[data-secret=\"'+t.secret+'\"]'),o=l.querySelectorAll('blockquote[data-secret=\"'+t.secret+'\"]'),c=new RegExp(\"^https?:$\",\"i\"),i=0;i<o.length;i++)o[i].style.display=\"none\";for(i=0;i<a.length;i++)s=a[i],e.source===s.contentWindow&&(s.removeAttribute(\"style\"),\"height\"===t.message?(1e3<(r=parseInt(t.value,10))?r=1e3:~~r<200&&(r=200),s.height=r):\"link\"===t.message&&(r=new URL(s.getAttribute(\"src\")),n=new URL(t.value),c.test(n.protocol))&&n.host===r.host&&l.activeElement===s&&(d.top.location.href=t.value))}},d.addEventListener(\"message\",d.wp.receiveEmbedMessage,!1),l.addEventListener(\"DOMContentLoaded\",function(){for(var e,t,s=l.querySelectorAll(\"iframe.wp-embedded-content\"),r=0;r<s.length;r++)(t=(e=s[r]).getAttribute(\"data-secret\"))||(t=Math.random().toString(36).substring(2,12),e.src+=\"#?secret=\"+t,e.setAttribute(\"data-secret\",t)),e.contentWindow.postMessage({message:\"ready\",secret:t},\"*\")},!1)))}(window,document);\n\/* ]]> *\/\n<\/script>\n","thumbnail_url":"https:\/\/centrourbano.com\/revista\/wp-content\/uploads\/Diseno-sin-titulo-1-27-635x635-1-1-1-1-1-1-1-1-1.png","thumbnail_width":635,"thumbnail_height":635,"description":"Por\u00a0 Gustavo L\u00f3pez Padilla* En la primera mitad de los a\u00f1os ochenta del siglo pasado, en el sur de la ciudad de M\u00e9xico, en la hoy Alcald\u00eda de Tlalpan, en En los inicios del proyecto urbano arquitect\u00f3nico, en reuniones de trabajo entre las dos firmas de arquitectos responsables del mismo, se lleg\u00f3 al acuerdo de desarrollar cada una de ellas 750 unidades habitables, defini\u00e9ndose para el efecto dos zonas de trabajo."}