{"version":"1.0","provider_name":"Centro Urbano","provider_url":"https:\/\/centrourbano.com\/revista","author_name":"Diego Rodr\u00edguez","author_url":"https:\/\/centrourbano.com\/revista\/author\/diegorodriguez\/","title":"M\u00e9xico cada vez m\u00e1s preocupado por cuidado ambiental -","type":"rich","width":600,"height":338,"html":"<blockquote class=\"wp-embedded-content\" data-secret=\"y5Rs4fGpXS\"><a href=\"https:\/\/centrourbano.com\/revista\/entrevistas\/mexico-vez-mas-preocupado-cuidado-ambiental\/\">M\u00e9xico cada vez m\u00e1s preocupado por cuidado ambiental<\/a><\/blockquote><iframe sandbox=\"allow-scripts\" security=\"restricted\" src=\"https:\/\/centrourbano.com\/revista\/entrevistas\/mexico-vez-mas-preocupado-cuidado-ambiental\/embed\/#?secret=y5Rs4fGpXS\" width=\"600\" height=\"338\" title=\"\u00abM\u00e9xico cada vez m\u00e1s preocupado por cuidado ambiental\u00bb \u2014 Centro Urbano\" data-secret=\"y5Rs4fGpXS\" frameborder=\"0\" marginwidth=\"0\" marginheight=\"0\" scrolling=\"no\" class=\"wp-embedded-content\"><\/iframe><script type=\"text\/javascript\">\n\/* <![CDATA[ *\/\n\/*! This file is auto-generated *\/\n!function(d,l){\"use strict\";l.querySelector&&d.addEventListener&&\"undefined\"!=typeof URL&&(d.wp=d.wp||{},d.wp.receiveEmbedMessage||(d.wp.receiveEmbedMessage=function(e){var t=e.data;if((t||t.secret||t.message||t.value)&&!\/[^a-zA-Z0-9]\/.test(t.secret)){for(var s,r,n,a=l.querySelectorAll('iframe[data-secret=\"'+t.secret+'\"]'),o=l.querySelectorAll('blockquote[data-secret=\"'+t.secret+'\"]'),c=new RegExp(\"^https?:$\",\"i\"),i=0;i<o.length;i++)o[i].style.display=\"none\";for(i=0;i<a.length;i++)s=a[i],e.source===s.contentWindow&&(s.removeAttribute(\"style\"),\"height\"===t.message?(1e3<(r=parseInt(t.value,10))?r=1e3:~~r<200&&(r=200),s.height=r):\"link\"===t.message&&(r=new URL(s.getAttribute(\"src\")),n=new URL(t.value),c.test(n.protocol))&&n.host===r.host&&l.activeElement===s&&(d.top.location.href=t.value))}},d.addEventListener(\"message\",d.wp.receiveEmbedMessage,!1),l.addEventListener(\"DOMContentLoaded\",function(){for(var e,t,s=l.querySelectorAll(\"iframe.wp-embedded-content\"),r=0;r<s.length;r++)(t=(e=s[r]).getAttribute(\"data-secret\"))||(t=Math.random().toString(36).substring(2,12),e.src+=\"#?secret=\"+t,e.setAttribute(\"data-secret\",t)),e.contentWindow.postMessage({message:\"ready\",secret:t},\"*\")},!1)))}(window,document);\n\/* ]]> *\/\n<\/script>\n","thumbnail_url":"https:\/\/centrourbano.com\/revista\/wp-content\/uploads\/BN1506-1-scaled.jpg","thumbnail_width":2560,"thumbnail_height":2227,"description":"Cada vez M\u00e9xico toma m\u00e1s conciencia en temas ambientales, adem\u00e1s de ser considerado en los planes estrat\u00e9gicos de empresas que se dedican al desarrollo de tecnolog\u00edas encamonadas al cuidado del medio ambiente, as\u00ed lo consider\u00f3 Jos\u00e9 Navarro, director general de E.J. Krause, empresa que organiza The Green Expo en el WTC de la Ciudad de M\u00e9xico."}