{"version":"1.0","provider_name":"Centro Urbano","provider_url":"https:\/\/centrourbano.com\/revista","author_name":"Priscila D\u00edaz","author_url":"https:\/\/centrourbano.com\/revista\/author\/priscila-diaz\/","title":"Modernizar\u00e1n calle Cuauht\u00e9moc en Quer\u00e9taro -","type":"rich","width":600,"height":338,"html":"<blockquote class=\"wp-embedded-content\" data-secret=\"3DfHvI8wUT\"><a href=\"https:\/\/centrourbano.com\/revista\/construccion\/modernizaran-calle-cuauhtemoc-queretaro\/\">Modernizar\u00e1n calle Cuauht\u00e9moc en Quer\u00e9taro<\/a><\/blockquote><iframe sandbox=\"allow-scripts\" security=\"restricted\" src=\"https:\/\/centrourbano.com\/revista\/construccion\/modernizaran-calle-cuauhtemoc-queretaro\/embed\/#?secret=3DfHvI8wUT\" width=\"600\" height=\"338\" title=\"\u00abModernizar\u00e1n calle Cuauht\u00e9moc en Quer\u00e9taro\u00bb \u2014 Centro Urbano\" data-secret=\"3DfHvI8wUT\" frameborder=\"0\" marginwidth=\"0\" marginheight=\"0\" scrolling=\"no\" class=\"wp-embedded-content\"><\/iframe><script type=\"text\/javascript\">\n\/* <![CDATA[ *\/\n\/*! This file is auto-generated *\/\n!function(d,l){\"use strict\";l.querySelector&&d.addEventListener&&\"undefined\"!=typeof URL&&(d.wp=d.wp||{},d.wp.receiveEmbedMessage||(d.wp.receiveEmbedMessage=function(e){var t=e.data;if((t||t.secret||t.message||t.value)&&!\/[^a-zA-Z0-9]\/.test(t.secret)){for(var s,r,n,a=l.querySelectorAll('iframe[data-secret=\"'+t.secret+'\"]'),o=l.querySelectorAll('blockquote[data-secret=\"'+t.secret+'\"]'),c=new RegExp(\"^https?:$\",\"i\"),i=0;i<o.length;i++)o[i].style.display=\"none\";for(i=0;i<a.length;i++)s=a[i],e.source===s.contentWindow&&(s.removeAttribute(\"style\"),\"height\"===t.message?(1e3<(r=parseInt(t.value,10))?r=1e3:~~r<200&&(r=200),s.height=r):\"link\"===t.message&&(r=new URL(s.getAttribute(\"src\")),n=new URL(t.value),c.test(n.protocol))&&n.host===r.host&&l.activeElement===s&&(d.top.location.href=t.value))}},d.addEventListener(\"message\",d.wp.receiveEmbedMessage,!1),l.addEventListener(\"DOMContentLoaded\",function(){for(var e,t,s=l.querySelectorAll(\"iframe.wp-embedded-content\"),r=0;r<s.length;r++)(t=(e=s[r]).getAttribute(\"data-secret\"))||(t=Math.random().toString(36).substring(2,12),e.src+=\"#?secret=\"+t,e.setAttribute(\"data-secret\",t)),e.contentWindow.postMessage({message:\"ready\",secret:t},\"*\")},!1)))}(window,document);\n\/* ]]> *\/\n<\/script>\n","thumbnail_url":"https:\/\/centrourbano.com\/revista\/wp-content\/uploads\/71_273_19491_1098034441_0P0A3324-scaled.jpg","thumbnail_width":2560,"thumbnail_height":1707,"description":"Francisco Dom\u00ednguez Servi\u00e9n, gobernador de Quer\u00e9taro, entreg\u00f3 la obra de modernizaci\u00f3n de la calle Cuauht\u00e9moc en la cabecera municipal de Pedro Escobedo, la cual consta de una inversi\u00f3n de m\u00e1s de 13,000,000 de pesos e incluye drenaje y pavimentaci\u00f3n."}