{"version":"1.0","provider_name":"Centro Urbano","provider_url":"https:\/\/centrourbano.com\/revista","author_name":"Diego Rodr\u00edguez","author_url":"https:\/\/centrourbano.com\/revista\/author\/diegorodriguez\/","title":"En Navojoa se realizar\u00e1 Bienal Regional de Arquitectos -","type":"rich","width":600,"height":338,"html":"<blockquote class=\"wp-embedded-content\" data-secret=\"RBsRZ6XIUR\"><a href=\"https:\/\/centrourbano.com\/revista\/arquitectura-2\/navojoa-se-realizara-bienal-regional-arquitectos\/\">En Navojoa se realizar\u00e1 Bienal Regional de Arquitectos<\/a><\/blockquote><iframe sandbox=\"allow-scripts\" security=\"restricted\" src=\"https:\/\/centrourbano.com\/revista\/arquitectura-2\/navojoa-se-realizara-bienal-regional-arquitectos\/embed\/#?secret=RBsRZ6XIUR\" width=\"600\" height=\"338\" title=\"\u00abEn Navojoa se realizar\u00e1 Bienal Regional de Arquitectos\u00bb \u2014 Centro Urbano\" data-secret=\"RBsRZ6XIUR\" frameborder=\"0\" marginwidth=\"0\" marginheight=\"0\" scrolling=\"no\" class=\"wp-embedded-content\"><\/iframe><script type=\"text\/javascript\">\n\/* <![CDATA[ *\/\n\/*! This file is auto-generated *\/\n!function(d,l){\"use strict\";l.querySelector&&d.addEventListener&&\"undefined\"!=typeof URL&&(d.wp=d.wp||{},d.wp.receiveEmbedMessage||(d.wp.receiveEmbedMessage=function(e){var t=e.data;if((t||t.secret||t.message||t.value)&&!\/[^a-zA-Z0-9]\/.test(t.secret)){for(var s,r,n,a=l.querySelectorAll('iframe[data-secret=\"'+t.secret+'\"]'),o=l.querySelectorAll('blockquote[data-secret=\"'+t.secret+'\"]'),c=new RegExp(\"^https?:$\",\"i\"),i=0;i<o.length;i++)o[i].style.display=\"none\";for(i=0;i<a.length;i++)s=a[i],e.source===s.contentWindow&&(s.removeAttribute(\"style\"),\"height\"===t.message?(1e3<(r=parseInt(t.value,10))?r=1e3:~~r<200&&(r=200),s.height=r):\"link\"===t.message&&(r=new URL(s.getAttribute(\"src\")),n=new URL(t.value),c.test(n.protocol))&&n.host===r.host&&l.activeElement===s&&(d.top.location.href=t.value))}},d.addEventListener(\"message\",d.wp.receiveEmbedMessage,!1),l.addEventListener(\"DOMContentLoaded\",function(){for(var e,t,s=l.querySelectorAll(\"iframe.wp-embedded-content\"),r=0;r<s.length;r++)(t=(e=s[r]).getAttribute(\"data-secret\"))||(t=Math.random().toString(36).substring(2,12),e.src+=\"#?secret=\"+t,e.setAttribute(\"data-secret\",t)),e.contentWindow.postMessage({message:\"ready\",secret:t},\"*\")},!1)))}(window,document);\n\/* ]]> *\/\n<\/script>\n","thumbnail_url":"https:\/\/centrourbano.com\/revista\/wp-content\/uploads\/navojoa-e1520295420158.jpg","thumbnail_width":800,"thumbnail_height":534,"description":"El 9 y 10 de marzo se llevar\u00e1 a cabo la \u2018V \u00d3pera Prima, Bienal Regional de Arquitectos del estado de Sonora\u2019, organizada por la Regi\u00f3n Seis, de la Federaci\u00f3n de Colegios de Arquitectos de la Rep\u00fablica Mexicana (Fcarm), en \u00c1lamos, Sonora."}